{"id":7738,"date":"2025-01-09T09:21:15","date_gmt":"2025-01-09T08:21:15","guid":{"rendered":"https:\/\/colonos.it\/?page_id=7738"},"modified":"2025-07-19T09:51:23","modified_gmt":"2025-07-19T07:51:23","slug":"avostanis-2025","status":"publish","type":"page","link":"https:\/\/colonos.it\/furlan\/avostanis\/avostanis-2025\/","title":{"rendered":"Avostanis 2025"},"content":{"rendered":"<p><img decoding=\"async\" loading=\"lazy\" class=\"alignnone size-full wp-image-8559\" src=\"https:\/\/colonos.it\/wp-content\/uploads\/2025\/07\/mainFR.jpg\" alt=\"\" width=\"921\" height=\"614\" \/><\/p>\n<p><strong><br \/>\n11\/7 &#8211; 5\/10 2025<\/strong><\/p>\n<p><strong>Ai Colonos<\/strong> &#8211; <strong>Vilecjasse di Listize<\/strong><br \/>\n<strong>Aquilee<\/strong>\u00a0&#8211; <strong>Gurize<\/strong><\/p>\n<p>&nbsp;<\/p>\n<p>Progjet finanzi\u00e2t di<\/p>\n<p><img decoding=\"async\" loading=\"lazy\" class=\"loghi150 alignnone wp-image-1283\" src=\"https:\/\/colonos.it\/wp-content\/uploads\/2020\/12\/Logo_ARLeF_fondino.jpg\" alt=\"\" width=\"300\" height=\"117\" \/>. <img decoding=\"async\" loading=\"lazy\" class=\"loghi150 alignnone wp-image-4854\" src=\"https:\/\/colonos.it\/wp-content\/uploads\/2022\/07\/logo-regioneFVG.jpg\" alt=\"\" width=\"612\" height=\"156\" srcset=\"https:\/\/colonos.it\/wp-content\/uploads\/2022\/07\/logo-regioneFVG.jpg 612w, https:\/\/colonos.it\/wp-content\/uploads\/2022\/07\/logo-regioneFVG-300x76.jpg 300w\" sizes=\"(max-width: 612px) 100vw, 612px\" \/><\/p>\n<p>Cul contrib\u00fbt di<\/p>\n<p><img decoding=\"async\" loading=\"lazy\" class=\"loghi150 alignnone wp-image-1274 size-full\" src=\"https:\/\/colonos.it\/wp-content\/uploads\/2020\/12\/logo-fondazione-friuli.jpg\" alt=\"\" width=\"300\" height=\"85\" \/><\/p>\n<p>Cul sostegn di<\/p>\n<p><img decoding=\"async\" loading=\"lazy\" class=\"loghi150 alignnone wp-image-1276 size-full\" src=\"https:\/\/colonos.it\/wp-content\/uploads\/2020\/12\/Logo_Nonino_Nero_VETTORIALE_400.jpg\" alt=\"\" width=\"414\" height=\"93\" srcset=\"https:\/\/colonos.it\/wp-content\/uploads\/2020\/12\/Logo_Nonino_Nero_VETTORIALE_400.jpg 414w, https:\/\/colonos.it\/wp-content\/uploads\/2020\/12\/Logo_Nonino_Nero_VETTORIALE_400-300x67.jpg 300w\" sizes=\"(max-width: 414px) 100vw, 414px\" \/><\/p>\n<p><img decoding=\"async\" loading=\"lazy\" class=\"loghi150 alignnone wp-image-5599 size-full\" src=\"https:\/\/colonos.it\/wp-content\/uploads\/2023\/07\/Civibank_Logo_Gruppo_CMYK.gif\" alt=\"\" width=\"300\" height=\"71\" \/><\/p>\n<p>Grazie pa la colaborazion a<br \/>\n<strong>Comun di Lestize<br \/>\nComun di Aquilee<br \/>\nTeatri Stabil Furlan<br \/>\nAssociazion music\u00e2l e cultur\u00e2l Armonie APS<br \/>\nCentri Studis David Maria Turoldo<br \/>\nNarodna in \u0161tudijska knji\u017enica &#8211; Gurize<br \/>\nBiblioteca Statale Isontina di Gorizia<br \/>\nSociet\u00e2t Filologjiche Furlane<br \/>\nSinagoghe di Gurize<br \/>\nGalarie regjon\u00e2l di Art contemporanie Luigi Spazzapan<br \/>\nAssociazion Glesie furlane APS<br \/>\nClape di culture Patrie dal Fri\u00fbl APS<br \/>\nAssociazion cultur\u00e2l Furclap APS<\/strong><\/p>\n<p>Direzion artistiche <strong>Federico Rossi<\/strong><br \/>\nDirezion organizative <strong>Alessio Screm<\/strong><br \/>\nUfici stampe <strong><strong>Martina Delpiccol<\/strong>o<br \/>\n<\/strong>Traduzion friulane <strong>Gotart Mitri<br \/>\n<\/strong><br \/>\nProgjet grafic <strong>Ekostudio<br \/>\n<\/strong>Stampe <strong>Poligrafiche San Marco<\/strong><\/p>\n<p>&#8230;&#8230;&#8230;&#8230;<br \/>\nJentrade libare par ducj i apontaments.<br \/>\nPar eventu\u00e2ls variazions, program inzorn\u00e2t su:<br \/>\nwww.colonos.it, Facebook, Instagram<\/p>\n<p>Devente ancje tu protagonist dal PROGJET COLONOS<br \/>\nIl to sostegn al \u00e8 l\u2019anime da la nestre Associazion<br \/>\nLa cuote associative pal 2025 e je di 10 euros<\/p>\n<p><a style=\"text-decoration: none;\" href=\"https:\/\/colonos.it\/furlan\/devente-soci\/\" target=\"_blank\" rel=\"noopener\">\u27a4 Chi par associati<\/a><br \/>\n\u27a4 Chi par iscriviti alla newsletter<br \/>\n<a style=\"text-decoration: none;\" href=\"https:\/\/colonos.it\/wp-content\/uploads\/2025\/07\/Programma-Avostanis-2025.pdf\"> \u27a4 Chi pal librut dal program<\/a><\/p>\n","protected":false},"excerpt":{"rendered":"<p>11\/7 &#8211; 5\/10 2025 Ai Colonos &#8211; Vilecjasse di Listize Aquilee\u00a0&#8211; Gurize &nbsp; Progjet finanzi\u00e2t di . Cul contrib\u00fbt di Cul sostegn di Grazie pa la colaborazion a Comun di Lestize Comun di Aquilee Teatri Stabil Furlan Associazion music\u00e2l e cultur\u00e2l Armonie APS Centri Studis David Maria Turoldo Narodna in \u0161tudijska knji\u017enica &#8211; Gurize Biblioteca<\/p>\n","protected":false},"author":1,"featured_media":8693,"parent":1939,"menu_order":2025,"comment_status":"closed","ping_status":"closed","template":"page-templates\/rassegna-edizione.php","meta":[],"acf":[],"_links":{"self":[{"href":"https:\/\/colonos.it\/furlan\/wp-json\/wp\/v2\/pages\/7738"}],"collection":[{"href":"https:\/\/colonos.it\/furlan\/wp-json\/wp\/v2\/pages"}],"about":[{"href":"https:\/\/colonos.it\/furlan\/wp-json\/wp\/v2\/types\/page"}],"author":[{"embeddable":true,"href":"https:\/\/colonos.it\/furlan\/wp-json\/wp\/v2\/users\/1"}],"replies":[{"embeddable":true,"href":"https:\/\/colonos.it\/furlan\/wp-json\/wp\/v2\/comments?post=7738"}],"version-history":[{"count":24,"href":"https:\/\/colonos.it\/furlan\/wp-json\/wp\/v2\/pages\/7738\/revisions"}],"predecessor-version":[{"id":8745,"href":"https:\/\/colonos.it\/furlan\/wp-json\/wp\/v2\/pages\/7738\/revisions\/8745"}],"up":[{"embeddable":true,"href":"https:\/\/colonos.it\/furlan\/wp-json\/wp\/v2\/pages\/1939"}],"wp:featuredmedia":[{"embeddable":true,"href":"https:\/\/colonos.it\/furlan\/wp-json\/wp\/v2\/media\/8693"}],"wp:attachment":[{"href":"https:\/\/colonos.it\/furlan\/wp-json\/wp\/v2\/media?parent=7738"}],"curies":[{"name":"wp","href":"https:\/\/api.w.org\/{rel}","templated":true}]}}